{"id":22353,"date":"2023-11-14T12:25:13","date_gmt":"2023-11-14T11:25:13","guid":{"rendered":"https:\/\/adventupuli.hr\/djecji-program\/"},"modified":"2025-11-11T15:10:02","modified_gmt":"2025-11-11T14:10:02","slug":"djecji-program","status":"publish","type":"page","link":"https:\/\/adventupuli.hr\/it\/djecji-program\/","title":{"rendered":"Programma per bambini"},"content":{"rendered":"\t\t<div data-elementor-type=\"wp-page\" data-elementor-id=\"22353\" class=\"elementor elementor-22353 elementor-12317\">\n\t\t\t\t\t\t<section class=\"elementor-section elementor-top-section elementor-element elementor-element-45260c5 elementor-section-boxed elementor-section-height-default elementor-section-height-default\" data-id=\"45260c5\" data-element_type=\"section\">\n\t\t\t\t\t\t<div class=\"elementor-container elementor-column-gap-default\">\n\t\t\t\t\t<div class=\"elementor-column elementor-col-100 elementor-top-column elementor-element elementor-element-bcfae51\" data-id=\"bcfae51\" data-element_type=\"column\">\n\t\t\t<div class=\"elementor-widget-wrap\">\n\t\t\t\t\t\t\t<\/div>\n\t\t<\/div>\n\t\t\t\t\t<\/div>\n\t\t<\/section>\n\t\t\t\t<section class=\"elementor-section elementor-top-section elementor-element elementor-element-7dc5759f elementor-section-boxed elementor-section-height-default elementor-section-height-default\" data-id=\"7dc5759f\" data-element_type=\"section\">\n\t\t\t\t\t\t<div class=\"elementor-container elementor-column-gap-default\">\n\t\t\t\t\t<div class=\"elementor-column elementor-col-100 elementor-top-column elementor-element elementor-element-28d52fb9\" data-id=\"28d52fb9\" data-element_type=\"column\">\n\t\t\t<div class=\"elementor-widget-wrap elementor-element-populated\">\n\t\t\t\t\t\t<div class=\"elementor-element elementor-element-518cfeed elementor-widget elementor-widget-exhibz-title\" data-id=\"518cfeed\" data-element_type=\"widget\" data-settings=\"{&quot;ekit_we_effect_on&quot;:&quot;none&quot;}\" data-widget_type=\"exhibz-title.default\">\n\t\t\t\t<div class=\"elementor-widget-container\">\n\t\t\t\t\t\n    <div class=\"title-section-area\">\n        <h2 class=\"section-title\">\n            <span class=\"sub-title\">Programmi per bambini<\/span>\n\t\t\tdell'avvento        <\/h2>\n\t\t                    <span class=\"title-shape\">\n                  <svg xmlns='http:\/\/www.w3.org\/2000\/svg' xmlns:xlink='http:\/\/www.w3.org\/1999\/xlink' width='71px' height='11px'> <path fill-rule='evenodd' d='M59.669,10.710 L49.164,3.306 L39.428,10.681 L29.714,3.322 L20.006,10.682 L10.295,3.322 L1.185,10.228 L-0.010,8.578 L10.295,0.765 L20.006,8.125 L29.714,0.765 L39.428,8.125 L49.122,0.781 L59.680,8.223 L69.858,1.192 L70.982,2.895 L59.669,10.710 Z'\/><\/svg>\n            <\/span>\n                    <\/div><!-- Section title -->\n    \n    \n\n    \t\t\t\t<\/div>\n\t\t\t\t<\/div>\n\t\t\t\t<div class=\"elementor-element elementor-element-658e3512 elementor-widget elementor-widget-etn-upcoming-expire-tab\" data-id=\"658e3512\" data-element_type=\"widget\" data-settings=\"{&quot;ekit_we_effect_on&quot;:&quot;none&quot;}\" data-widget_type=\"etn-upcoming-expire-tab.default\">\n\t\t\t\t<div class=\"elementor-widget-container\">\n\t\t\t\t\t<!-- schedule tab start -->\n<div class=\"event-tab-wrapper etn-tab-wrapper event-tab-1\">\n\t<ul class='etn-nav'>\n\t\t\t\t\t\t\t\t<li>\n\t\t\t\t\t\t\t\t<a href='#' class='etn-tab-a etn-active' data-id='tab658e3512-1'>\n\t\t\t\t\t\t\t\t\t\tPROGRAMMI PER BAMBINI\t\t\t\t\t\t\t\t<\/a>\n\t\t\t\t\t\t<\/li>\n\t\t\t\t\t\t\t<\/ul>\n\n\t<div class='etn-tab-content clearfix etn-schedule-wrap'>\n\t\t\t\t\t\t\t<div class=\"etn-tab tab-active\" data-id='tab658e3512-1'>\n\t\t\t\t\t\t\t<div class='etn-row etn-event-wrapper'>\n        <div class=\"etn-col-md-6 etn-col-lg-4\">\n        <div class=\"etn-event-item\">\n            <!-- thumbnail -->\n                        <div class=\"etn-event-thumb\">\n                <a \n                    href=\"https:\/\/adventupuli.hr\/it\/dogadaj\/otvaranje-klizalista-u-areni\/\" \n                    aria-label=\"Programma per bambini\"\n                >\n                    <img fetchpriority=\"high\" decoding=\"async\" width=\"800\" height=\"534\" src=\"https:\/\/adventupuli.hr\/wp-content\/uploads\/2025\/11\/Arena-750x465-1-1024x683.jpg\" class=\"attachment-large size-large wp-post-image\" alt=\"\" srcset=\"https:\/\/adventupuli.hr\/wp-content\/uploads\/2025\/11\/Arena-750x465-1-1024x683.jpg 1024w, https:\/\/adventupuli.hr\/wp-content\/uploads\/2025\/11\/Arena-750x465-1-300x200.jpg 300w, https:\/\/adventupuli.hr\/wp-content\/uploads\/2025\/11\/Arena-750x465-1-768x512.jpg 768w, https:\/\/adventupuli.hr\/wp-content\/uploads\/2025\/11\/Arena-750x465-1.jpg 1200w\" sizes=\"(max-width: 800px) 100vw, 800px\" \/>                <\/a>\n                <div class=\"etn-event-category\">\n                    <span>Programma per bambini<\/span>                 <\/div>\n                            <\/div>\n                        <!-- thumbnail start-->\n\n            <!-- content start-->\n            <div class=\"etn-event-content\">\n                                                                                        \n                <h3 class=\"etn-title etn-event-title\"><a href=\"https:\/\/adventupuli.hr\/it\/dogadaj\/otvaranje-klizalista-u-areni\/\">\n                    Apertura della pista di pattinaggio sul ghiaccio nell&#8217;Arena<\/a>\n                <\/h3>\n                                \n                <div class=\"etn-event-footer\">\n                    <div class=\"etn-event-date\">\n                                    <span>\n\t\t\t\t<i class=\"etn-icon etn-calendar\"><\/i>\n                5. Dicembre 2025.            <\/span>\n\t\t\t                    <\/div>\n                   \n                <\/div>\n            <\/div>\n            <!-- content end-->\n        <\/div>\n        <!-- etn event item end-->\n    <\/div>\n        <div class=\"etn-col-md-6 etn-col-lg-4\">\n        <div class=\"etn-event-item\">\n            <!-- thumbnail -->\n                        <div class=\"etn-event-thumb\">\n                <a \n                    href=\"https:\/\/adventupuli.hr\/it\/dogadaj\/docek-sv-nikole\/\" \n                    aria-label=\"Programma per bambini\"\n                >\n                    <img decoding=\"async\" width=\"800\" height=\"534\" src=\"https:\/\/adventupuli.hr\/wp-content\/uploads\/2025\/11\/Sv_Nikola-750x465-1-1024x683.jpg\" class=\"attachment-large size-large wp-post-image\" alt=\"\" srcset=\"https:\/\/adventupuli.hr\/wp-content\/uploads\/2025\/11\/Sv_Nikola-750x465-1-1024x683.jpg 1024w, https:\/\/adventupuli.hr\/wp-content\/uploads\/2025\/11\/Sv_Nikola-750x465-1-300x200.jpg 300w, https:\/\/adventupuli.hr\/wp-content\/uploads\/2025\/11\/Sv_Nikola-750x465-1-768x512.jpg 768w, https:\/\/adventupuli.hr\/wp-content\/uploads\/2025\/11\/Sv_Nikola-750x465-1.jpg 1200w\" sizes=\"(max-width: 800px) 100vw, 800px\" \/>                <\/a>\n                <div class=\"etn-event-category\">\n                    <span>Programma per bambini<\/span>                 <\/div>\n                            <\/div>\n                        <!-- thumbnail start-->\n\n            <!-- content start-->\n            <div class=\"etn-event-content\">\n                                                                                        \n                <h3 class=\"etn-title etn-event-title\"><a href=\"https:\/\/adventupuli.hr\/it\/dogadaj\/docek-sv-nikole\/\">\n                    Sv. Nikola i Krampus sti\u017eu na klizali\u0161te<\/a>\n                <\/h3>\n                                \n                <div class=\"etn-event-footer\">\n                    <div class=\"etn-event-date\">\n                                    <span>\n\t\t\t\t<i class=\"etn-icon etn-calendar\"><\/i>\n                6. Dicembre 2025.            <\/span>\n\t\t\t                    <\/div>\n                   \n                <\/div>\n            <\/div>\n            <!-- content end-->\n        <\/div>\n        <!-- etn event item end-->\n    <\/div>\n        <div class=\"etn-col-md-6 etn-col-lg-4\">\n        <div class=\"etn-event-item\">\n            <!-- thumbnail -->\n                        <div class=\"etn-event-thumb\">\n                <a \n                    href=\"https:\/\/adventupuli.hr\/it\/dogadaj\/ruzno-pace-premijera-2\/\" \n                    aria-label=\"Programma per bambini\"\n                >\n                    <img decoding=\"async\" width=\"800\" height=\"534\" src=\"https:\/\/adventupuli.hr\/wp-content\/uploads\/2025\/11\/INK_RuznoPace_websize_002-1024x683.jpg\" class=\"attachment-large size-large wp-post-image\" alt=\"\" srcset=\"https:\/\/adventupuli.hr\/wp-content\/uploads\/2025\/11\/INK_RuznoPace_websize_002-1024x683.jpg 1024w, https:\/\/adventupuli.hr\/wp-content\/uploads\/2025\/11\/INK_RuznoPace_websize_002-300x200.jpg 300w, https:\/\/adventupuli.hr\/wp-content\/uploads\/2025\/11\/INK_RuznoPace_websize_002-768x512.jpg 768w, https:\/\/adventupuli.hr\/wp-content\/uploads\/2025\/11\/INK_RuznoPace_websize_002.jpg 1200w\" sizes=\"(max-width: 800px) 100vw, 800px\" \/>                <\/a>\n                <div class=\"etn-event-category\">\n                    <span>Programma per bambini<\/span>                 <\/div>\n                            <\/div>\n                        <!-- thumbnail start-->\n\n            <!-- content start-->\n            <div class=\"etn-event-content\">\n                                                                                        \n                <h3 class=\"etn-title etn-event-title\"><a href=\"https:\/\/adventupuli.hr\/it\/dogadaj\/ruzno-pace-premijera-2\/\">\n                    Il brutto anatroccolo \u2013 prima<\/a>\n                <\/h3>\n                                \n                <div class=\"etn-event-footer\">\n                    <div class=\"etn-event-date\">\n                                    <span>\n\t\t\t\t<i class=\"etn-icon etn-calendar\"><\/i>\n                10. Dicembre 2025.            <\/span>\n\t\t\t                    <\/div>\n                   \n                <\/div>\n            <\/div>\n            <!-- content end-->\n        <\/div>\n        <!-- etn event item end-->\n    <\/div>\n        <div class=\"etn-col-md-6 etn-col-lg-4\">\n        <div class=\"etn-event-item\">\n            <!-- thumbnail -->\n                        <div class=\"etn-event-thumb\">\n                <a \n                    href=\"https:\/\/adventupuli.hr\/it\/dogadaj\/martiniuss-cirkus-svjetleci-hodaci-na-stulama\/\" \n                    aria-label=\"Programma per bambini\"\n                >\n                    <img loading=\"lazy\" decoding=\"async\" width=\"800\" height=\"534\" src=\"https:\/\/adventupuli.hr\/wp-content\/uploads\/2025\/11\/Svjetleci_andeli-750x465-1-1024x683.jpg\" class=\"attachment-large size-large wp-post-image\" alt=\"\" srcset=\"https:\/\/adventupuli.hr\/wp-content\/uploads\/2025\/11\/Svjetleci_andeli-750x465-1-1024x683.jpg 1024w, https:\/\/adventupuli.hr\/wp-content\/uploads\/2025\/11\/Svjetleci_andeli-750x465-1-300x200.jpg 300w, https:\/\/adventupuli.hr\/wp-content\/uploads\/2025\/11\/Svjetleci_andeli-750x465-1-768x512.jpg 768w, https:\/\/adventupuli.hr\/wp-content\/uploads\/2025\/11\/Svjetleci_andeli-750x465-1.jpg 1200w\" sizes=\"(max-width: 800px) 100vw, 800px\" \/>                <\/a>\n                <div class=\"etn-event-category\">\n                    <span>Programma per bambini<\/span>                 <\/div>\n                            <\/div>\n                        <!-- thumbnail start-->\n\n            <!-- content start-->\n            <div class=\"etn-event-content\">\n                                                                                        \n                <h3 class=\"etn-title etn-event-title\"><a href=\"https:\/\/adventupuli.hr\/it\/dogadaj\/martiniuss-cirkus-svjetleci-hodaci-na-stulama\/\">\n                    Martiniuss Cirkus &#8211; Camminatori luminosi sui trampoli<\/a>\n                <\/h3>\n                                \n                <div class=\"etn-event-footer\">\n                    <div class=\"etn-event-date\">\n                                    <span>\n\t\t\t\t<i class=\"etn-icon etn-calendar\"><\/i>\n                12. Dicembre 2025.            <\/span>\n\t\t\t                    <\/div>\n                   \n                <\/div>\n            <\/div>\n            <!-- content end-->\n        <\/div>\n        <!-- etn event item end-->\n    <\/div>\n        <div class=\"etn-col-md-6 etn-col-lg-4\">\n        <div class=\"etn-event-item\">\n            <!-- thumbnail -->\n                        <div class=\"etn-event-thumb\">\n                <a \n                    href=\"https:\/\/adventupuli.hr\/it\/dogadaj\/zemlja-zabave-bozic-u-bajkozemlji-predstava\/\" \n                    aria-label=\"Programma per bambini\"\n                >\n                    <img loading=\"lazy\" decoding=\"async\" width=\"800\" height=\"534\" src=\"https:\/\/adventupuli.hr\/wp-content\/uploads\/2025\/11\/Bozicna-bajkovnica-1024x683.jpg\" class=\"attachment-large size-large wp-post-image\" alt=\"\" srcset=\"https:\/\/adventupuli.hr\/wp-content\/uploads\/2025\/11\/Bozicna-bajkovnica-1024x683.jpg 1024w, https:\/\/adventupuli.hr\/wp-content\/uploads\/2025\/11\/Bozicna-bajkovnica-300x200.jpg 300w, https:\/\/adventupuli.hr\/wp-content\/uploads\/2025\/11\/Bozicna-bajkovnica-768x512.jpg 768w, https:\/\/adventupuli.hr\/wp-content\/uploads\/2025\/11\/Bozicna-bajkovnica.jpg 1200w\" sizes=\"(max-width: 800px) 100vw, 800px\" \/>                <\/a>\n                <div class=\"etn-event-category\">\n                    <span>Programma per bambini<\/span>                 <\/div>\n                            <\/div>\n                        <!-- thumbnail start-->\n\n            <!-- content start-->\n            <div class=\"etn-event-content\">\n                                                                                        \n                <h3 class=\"etn-title etn-event-title\"><a href=\"https:\/\/adventupuli.hr\/it\/dogadaj\/zemlja-zabave-bozic-u-bajkozemlji-predstava\/\">\n                    Zemlja zabave &#8211; Natale nel Paese delle fiabe<\/a>\n                <\/h3>\n                                \n                <div class=\"etn-event-footer\">\n                    <div class=\"etn-event-date\">\n                                    <span>\n\t\t\t\t<i class=\"etn-icon etn-calendar\"><\/i>\n                12. Dicembre 2025.            <\/span>\n\t\t\t                    <\/div>\n                   \n                <\/div>\n            <\/div>\n            <!-- content end-->\n        <\/div>\n        <!-- etn event item end-->\n    <\/div>\n        <div class=\"etn-col-md-6 etn-col-lg-4\">\n        <div class=\"etn-event-item\">\n            <!-- thumbnail -->\n                        <div class=\"etn-event-thumb\">\n                <a \n                    href=\"https:\/\/adventupuli.hr\/it\/dogadaj\/zuti-kisobran-zvjezdani-art-kutak-kreativna-radionica\/\" \n                    aria-label=\"Programma per bambini\"\n                >\n                    <img loading=\"lazy\" decoding=\"async\" width=\"800\" height=\"534\" src=\"https:\/\/adventupuli.hr\/wp-content\/uploads\/2025\/11\/Zvjezdani-art-kutak-1024x683.jpg\" class=\"attachment-large size-large wp-post-image\" alt=\"\" srcset=\"https:\/\/adventupuli.hr\/wp-content\/uploads\/2025\/11\/Zvjezdani-art-kutak-1024x683.jpg 1024w, https:\/\/adventupuli.hr\/wp-content\/uploads\/2025\/11\/Zvjezdani-art-kutak-300x200.jpg 300w, https:\/\/adventupuli.hr\/wp-content\/uploads\/2025\/11\/Zvjezdani-art-kutak-768x512.jpg 768w, https:\/\/adventupuli.hr\/wp-content\/uploads\/2025\/11\/Zvjezdani-art-kutak.jpg 1200w\" sizes=\"(max-width: 800px) 100vw, 800px\" \/>                <\/a>\n                <div class=\"etn-event-category\">\n                    <span>Programma per bambini<\/span>                 <\/div>\n                            <\/div>\n                        <!-- thumbnail start-->\n\n            <!-- content start-->\n            <div class=\"etn-event-content\">\n                                                                                        \n                <h3 class=\"etn-title etn-event-title\"><a href=\"https:\/\/adventupuli.hr\/it\/dogadaj\/zuti-kisobran-zvjezdani-art-kutak-kreativna-radionica\/\">\n                    \u017duti ki\u0161obran &#8211; laboratorio creativo<\/a>\n                <\/h3>\n                                \n                <div class=\"etn-event-footer\">\n                    <div class=\"etn-event-date\">\n                                    <span>\n\t\t\t\t<i class=\"etn-icon etn-calendar\"><\/i>\n                13. Dicembre 2025.            <\/span>\n\t\t\t                    <\/div>\n                   \n                <\/div>\n            <\/div>\n            <!-- content end-->\n        <\/div>\n        <!-- etn event item end-->\n    <\/div>\n        <div class=\"etn-col-md-6 etn-col-lg-4\">\n        <div class=\"etn-event-item\">\n            <!-- thumbnail -->\n                        <div class=\"etn-event-thumb\">\n                <a \n                    href=\"https:\/\/adventupuli.hr\/it\/dogadaj\/uo-loft-orasar-i-misonja-predstava\/\" \n                    aria-label=\"Programma per bambini\"\n                >\n                    <img loading=\"lazy\" decoding=\"async\" width=\"800\" height=\"534\" src=\"https:\/\/adventupuli.hr\/wp-content\/uploads\/2025\/11\/Orasar-i-Misonja-1024x683.jpg\" class=\"attachment-large size-large wp-post-image\" alt=\"\" srcset=\"https:\/\/adventupuli.hr\/wp-content\/uploads\/2025\/11\/Orasar-i-Misonja-1024x683.jpg 1024w, https:\/\/adventupuli.hr\/wp-content\/uploads\/2025\/11\/Orasar-i-Misonja-300x200.jpg 300w, https:\/\/adventupuli.hr\/wp-content\/uploads\/2025\/11\/Orasar-i-Misonja-768x512.jpg 768w, https:\/\/adventupuli.hr\/wp-content\/uploads\/2025\/11\/Orasar-i-Misonja.jpg 1200w\" sizes=\"(max-width: 800px) 100vw, 800px\" \/>                <\/a>\n                <div class=\"etn-event-category\">\n                    <span>Programma per bambini<\/span>                 <\/div>\n                            <\/div>\n                        <!-- thumbnail start-->\n\n            <!-- content start-->\n            <div class=\"etn-event-content\">\n                                                                                        \n                <h3 class=\"etn-title etn-event-title\"><a href=\"https:\/\/adventupuli.hr\/it\/dogadaj\/uo-loft-orasar-i-misonja-predstava\/\">\n                    UO LOFT &#8211; Lo Schiaccianoci e il Topolino, spettacolo<\/a>\n                <\/h3>\n                                \n                <div class=\"etn-event-footer\">\n                    <div class=\"etn-event-date\">\n                                    <span>\n\t\t\t\t<i class=\"etn-icon etn-calendar\"><\/i>\n                13. Dicembre 2025.            <\/span>\n\t\t\t                    <\/div>\n                   \n                <\/div>\n            <\/div>\n            <!-- content end-->\n        <\/div>\n        <!-- etn event item end-->\n    <\/div>\n        <div class=\"etn-col-md-6 etn-col-lg-4\">\n        <div class=\"etn-event-item\">\n            <!-- thumbnail -->\n                        <div class=\"etn-event-thumb\">\n                <a \n                    href=\"https:\/\/adventupuli.hr\/it\/dogadaj\/lino-lada-i-kviki-za-najmlade\/\" \n                    aria-label=\"Programma per bambini\"\n                >\n                    <img loading=\"lazy\" decoding=\"async\" width=\"800\" height=\"534\" src=\"https:\/\/adventupuli.hr\/wp-content\/uploads\/2025\/11\/advent-u-puli-2026-1024x683.jpg\" class=\"attachment-large size-large wp-post-image\" alt=\"\" srcset=\"https:\/\/adventupuli.hr\/wp-content\/uploads\/2025\/11\/advent-u-puli-2026-1024x683.jpg 1024w, https:\/\/adventupuli.hr\/wp-content\/uploads\/2025\/11\/advent-u-puli-2026-300x200.jpg 300w, https:\/\/adventupuli.hr\/wp-content\/uploads\/2025\/11\/advent-u-puli-2026-768x512.jpg 768w, https:\/\/adventupuli.hr\/wp-content\/uploads\/2025\/11\/advent-u-puli-2026.jpg 1199w\" sizes=\"(max-width: 800px) 100vw, 800px\" \/>                <\/a>\n                <div class=\"etn-event-category\">\n                    <span>Programma per bambini<\/span>                 <\/div>\n                            <\/div>\n                        <!-- thumbnail start-->\n\n            <!-- content start-->\n            <div class=\"etn-event-content\">\n                                                                                        \n                <h3 class=\"etn-title etn-event-title\"><a href=\"https:\/\/adventupuli.hr\/it\/dogadaj\/lino-lada-i-kviki-za-najmlade\/\">\n                    Lino Lada i Kviki za najmla\u0111e!<\/a>\n                <\/h3>\n                                \n                <div class=\"etn-event-footer\">\n                    <div class=\"etn-event-date\">\n                                    <span>\n\t\t\t\t<i class=\"etn-icon etn-calendar\"><\/i>\n                13. Dicembre 2025.            <\/span>\n\t\t\t                    <\/div>\n                   \n                <\/div>\n            <\/div>\n            <!-- content end-->\n        <\/div>\n        <!-- etn event item end-->\n    <\/div>\n        <div class=\"etn-col-md-6 etn-col-lg-4\">\n        <div class=\"etn-event-item\">\n            <!-- thumbnail -->\n                        <div class=\"etn-event-thumb\">\n                <a \n                    href=\"https:\/\/adventupuli.hr\/it\/dogadaj\/ronilacki-djed-mraz-2025\/\" \n                    aria-label=\"Programma per bambini\"\n                >\n                    <img loading=\"lazy\" decoding=\"async\" width=\"800\" height=\"534\" src=\"https:\/\/adventupuli.hr\/wp-content\/uploads\/2025\/11\/ronilacki-750x465-1-1024x683.jpg\" class=\"attachment-large size-large wp-post-image\" alt=\"\" srcset=\"https:\/\/adventupuli.hr\/wp-content\/uploads\/2025\/11\/ronilacki-750x465-1-1024x683.jpg 1024w, https:\/\/adventupuli.hr\/wp-content\/uploads\/2025\/11\/ronilacki-750x465-1-300x200.jpg 300w, https:\/\/adventupuli.hr\/wp-content\/uploads\/2025\/11\/ronilacki-750x465-1-768x512.jpg 768w, https:\/\/adventupuli.hr\/wp-content\/uploads\/2025\/11\/ronilacki-750x465-1.jpg 1200w\" sizes=\"(max-width: 800px) 100vw, 800px\" \/>                <\/a>\n                <div class=\"etn-event-category\">\n                    <span>Programma per bambini<\/span>                 <\/div>\n                            <\/div>\n                        <!-- thumbnail start-->\n\n            <!-- content start-->\n            <div class=\"etn-event-content\">\n                                                                                        \n                <h3 class=\"etn-title etn-event-title\"><a href=\"https:\/\/adventupuli.hr\/it\/dogadaj\/ronilacki-djed-mraz-2025\/\">\n                    Babbo Natale subacqueo 2025<\/a>\n                <\/h3>\n                                \n                <div class=\"etn-event-footer\">\n                    <div class=\"etn-event-date\">\n                                    <span>\n\t\t\t\t<i class=\"etn-icon etn-calendar\"><\/i>\n                14. Dicembre 2025.            <\/span>\n\t\t\t                    <\/div>\n                   \n                <\/div>\n            <\/div>\n            <!-- content end-->\n        <\/div>\n        <!-- etn event item end-->\n    <\/div>\n        <div class=\"etn-col-md-6 etn-col-lg-4\">\n        <div class=\"etn-event-item\">\n            <!-- thumbnail -->\n                        <div class=\"etn-event-thumb\">\n                <a \n                    href=\"https:\/\/adventupuli.hr\/it\/dogadaj\/padobranski-djed-mraz\/\" \n                    aria-label=\"Programma per bambini\"\n                >\n                    <img loading=\"lazy\" decoding=\"async\" width=\"800\" height=\"534\" src=\"https:\/\/adventupuli.hr\/wp-content\/uploads\/2025\/11\/Aeroklub-Cumulus-1024x683.jpg\" class=\"attachment-large size-large wp-post-image\" alt=\"\" srcset=\"https:\/\/adventupuli.hr\/wp-content\/uploads\/2025\/11\/Aeroklub-Cumulus-1024x683.jpg 1024w, https:\/\/adventupuli.hr\/wp-content\/uploads\/2025\/11\/Aeroklub-Cumulus-300x200.jpg 300w, https:\/\/adventupuli.hr\/wp-content\/uploads\/2025\/11\/Aeroklub-Cumulus-768x512.jpg 768w, https:\/\/adventupuli.hr\/wp-content\/uploads\/2025\/11\/Aeroklub-Cumulus.jpg 1200w\" sizes=\"(max-width: 800px) 100vw, 800px\" \/>                <\/a>\n                <div class=\"etn-event-category\">\n                    <span>Programma per bambini<\/span>                 <\/div>\n                            <\/div>\n                        <!-- thumbnail start-->\n\n            <!-- content start-->\n            <div class=\"etn-event-content\">\n                                                                                        \n                <h3 class=\"etn-title etn-event-title\"><a href=\"https:\/\/adventupuli.hr\/it\/dogadaj\/padobranski-djed-mraz\/\">\n                    Babbo Natale paracadutista<\/a>\n                <\/h3>\n                                \n                <div class=\"etn-event-footer\">\n                    <div class=\"etn-event-date\">\n                                    <span>\n\t\t\t\t<i class=\"etn-icon etn-calendar\"><\/i>\n                15. Dicembre 2025.            <\/span>\n\t\t\t                    <\/div>\n                   \n                <\/div>\n            <\/div>\n            <!-- content end-->\n        <\/div>\n        <!-- etn event item end-->\n    <\/div>\n        <div class=\"etn-col-md-6 etn-col-lg-4\">\n        <div class=\"etn-event-item\">\n            <!-- thumbnail -->\n                        <div class=\"etn-event-thumb\">\n                <a \n                    href=\"https:\/\/adventupuli.hr\/it\/dogadaj\/madionicar-luka-vidovic-magic-show-madionicarska-predstava\/\" \n                    aria-label=\"Programma per bambini\"\n                >\n                    <img loading=\"lazy\" decoding=\"async\" width=\"800\" height=\"534\" src=\"https:\/\/adventupuli.hr\/wp-content\/uploads\/2025\/11\/Luka-Vidovic-1024x683.jpg\" class=\"attachment-large size-large wp-post-image\" alt=\"\" srcset=\"https:\/\/adventupuli.hr\/wp-content\/uploads\/2025\/11\/Luka-Vidovic-1024x683.jpg 1024w, https:\/\/adventupuli.hr\/wp-content\/uploads\/2025\/11\/Luka-Vidovic-300x200.jpg 300w, https:\/\/adventupuli.hr\/wp-content\/uploads\/2025\/11\/Luka-Vidovic-768x512.jpg 768w, https:\/\/adventupuli.hr\/wp-content\/uploads\/2025\/11\/Luka-Vidovic.jpg 1200w\" sizes=\"(max-width: 800px) 100vw, 800px\" \/>                <\/a>\n                <div class=\"etn-event-category\">\n                    <span>Programma per bambini<\/span>                 <\/div>\n                            <\/div>\n                        <!-- thumbnail start-->\n\n            <!-- content start-->\n            <div class=\"etn-event-content\">\n                                                                                        \n                <h3 class=\"etn-title etn-event-title\"><a href=\"https:\/\/adventupuli.hr\/it\/dogadaj\/madionicar-luka-vidovic-magic-show-madionicarska-predstava\/\">\n                    Mago Luka Vidovi\u0107 &#8211; Magia nella mia citt\u00e0, spettacolo di magia<\/a>\n                <\/h3>\n                                \n                <div class=\"etn-event-footer\">\n                    <div class=\"etn-event-date\">\n                                    <span>\n\t\t\t\t<i class=\"etn-icon etn-calendar\"><\/i>\n                19. Dicembre 2025.            <\/span>\n\t\t\t                    <\/div>\n                   \n                <\/div>\n            <\/div>\n            <!-- content end-->\n        <\/div>\n        <!-- etn event item end-->\n    <\/div>\n        <div class=\"etn-col-md-6 etn-col-lg-4\">\n        <div class=\"etn-event-item\">\n            <!-- thumbnail -->\n                        <div class=\"etn-event-thumb\">\n                <a \n                    href=\"https:\/\/adventupuli.hr\/it\/dogadaj\/centar-za-inkluziju-i-podrsku-zajednici-bozicna-priredba-predstava\/\" \n                    aria-label=\"Programma per bambini\"\n                >\n                    <img loading=\"lazy\" decoding=\"async\" width=\"800\" height=\"534\" src=\"https:\/\/adventupuli.hr\/wp-content\/uploads\/2025\/11\/centar-za-inkluziju-1024x683.jpg\" class=\"attachment-large size-large wp-post-image\" alt=\"\" srcset=\"https:\/\/adventupuli.hr\/wp-content\/uploads\/2025\/11\/centar-za-inkluziju-1024x683.jpg 1024w, https:\/\/adventupuli.hr\/wp-content\/uploads\/2025\/11\/centar-za-inkluziju-300x200.jpg 300w, https:\/\/adventupuli.hr\/wp-content\/uploads\/2025\/11\/centar-za-inkluziju-768x512.jpg 768w, https:\/\/adventupuli.hr\/wp-content\/uploads\/2025\/11\/centar-za-inkluziju.jpg 1200w\" sizes=\"(max-width: 800px) 100vw, 800px\" \/>                <\/a>\n                <div class=\"etn-event-category\">\n                    <span>Programma per bambini<\/span>                 <\/div>\n                            <\/div>\n                        <!-- thumbnail start-->\n\n            <!-- content start-->\n            <div class=\"etn-event-content\">\n                                                                                        \n                <h3 class=\"etn-title etn-event-title\"><a href=\"https:\/\/adventupuli.hr\/it\/dogadaj\/centar-za-inkluziju-i-podrsku-zajednici-bozicna-priredba-predstava\/\">\n                    Centar za inkluziju i podr\u0161ku zajednici &#8211; Spettacolo natalizio<\/a>\n                <\/h3>\n                                \n                <div class=\"etn-event-footer\">\n                    <div class=\"etn-event-date\">\n                                    <span>\n\t\t\t\t<i class=\"etn-icon etn-calendar\"><\/i>\n                19. Dicembre 2025.            <\/span>\n\t\t\t                    <\/div>\n                   \n                <\/div>\n            <\/div>\n            <!-- content end-->\n        <\/div>\n        <!-- etn event item end-->\n    <\/div>\n        <div class=\"etn-col-md-6 etn-col-lg-4\">\n        <div class=\"etn-event-item\">\n            <!-- thumbnail -->\n                        <div class=\"etn-event-thumb\">\n                <a \n                    href=\"https:\/\/adventupuli.hr\/it\/dogadaj\/zuti-kisobran-tko-je-oteo-rudolfa-igra-potrage\/\" \n                    aria-label=\"Programma per bambini\"\n                >\n                    <img loading=\"lazy\" decoding=\"async\" width=\"800\" height=\"534\" src=\"https:\/\/adventupuli.hr\/wp-content\/uploads\/2025\/11\/Tko-je-oteo-Rudolfa-1024x683.jpg\" class=\"attachment-large size-large wp-post-image\" alt=\"\" srcset=\"https:\/\/adventupuli.hr\/wp-content\/uploads\/2025\/11\/Tko-je-oteo-Rudolfa-1024x683.jpg 1024w, https:\/\/adventupuli.hr\/wp-content\/uploads\/2025\/11\/Tko-je-oteo-Rudolfa-300x200.jpg 300w, https:\/\/adventupuli.hr\/wp-content\/uploads\/2025\/11\/Tko-je-oteo-Rudolfa-768x512.jpg 768w, https:\/\/adventupuli.hr\/wp-content\/uploads\/2025\/11\/Tko-je-oteo-Rudolfa.jpg 1200w\" sizes=\"(max-width: 800px) 100vw, 800px\" \/>                <\/a>\n                <div class=\"etn-event-category\">\n                    <span>Programma per bambini<\/span>                 <\/div>\n                            <\/div>\n                        <!-- thumbnail start-->\n\n            <!-- content start-->\n            <div class=\"etn-event-content\">\n                                                                                        \n                <h3 class=\"etn-title etn-event-title\"><a href=\"https:\/\/adventupuli.hr\/it\/dogadaj\/zuti-kisobran-tko-je-oteo-rudolfa-igra-potrage\/\">\n                    \u017duti ki\u0161obran &#8211; Chi ha rapito Rudolf?, Gioco di ricerca<\/a>\n                <\/h3>\n                                \n                <div class=\"etn-event-footer\">\n                    <div class=\"etn-event-date\">\n                                    <span>\n\t\t\t\t<i class=\"etn-icon etn-calendar\"><\/i>\n                20. Dicembre 2025.            <\/span>\n\t\t\t                    <\/div>\n                   \n                <\/div>\n            <\/div>\n            <!-- content end-->\n        <\/div>\n        <!-- etn event item end-->\n    <\/div>\n        <div class=\"etn-col-md-6 etn-col-lg-4\">\n        <div class=\"etn-event-item\">\n            <!-- thumbnail -->\n                        <div class=\"etn-event-thumb\">\n                <a \n                    href=\"https:\/\/adventupuli.hr\/it\/dogadaj\/yamaha-music-school-yms-pula-za-pulu\/\" \n                    aria-label=\"Programma per bambini\"\n                >\n                    <img loading=\"lazy\" decoding=\"async\" width=\"800\" height=\"534\" src=\"https:\/\/adventupuli.hr\/wp-content\/uploads\/2025\/12\/LETS-PLAY-31-1024x683.jpg\" class=\"attachment-large size-large wp-post-image\" alt=\"\" srcset=\"https:\/\/adventupuli.hr\/wp-content\/uploads\/2025\/12\/LETS-PLAY-31-1024x683.jpg 1024w, https:\/\/adventupuli.hr\/wp-content\/uploads\/2025\/12\/LETS-PLAY-31-300x200.jpg 300w, https:\/\/adventupuli.hr\/wp-content\/uploads\/2025\/12\/LETS-PLAY-31-768x512.jpg 768w, https:\/\/adventupuli.hr\/wp-content\/uploads\/2025\/12\/LETS-PLAY-31.jpg 1200w\" sizes=\"(max-width: 800px) 100vw, 800px\" \/>                <\/a>\n                <div class=\"etn-event-category\">\n                    <span>Programma per bambini<\/span>                 <\/div>\n                            <\/div>\n                        <!-- thumbnail start-->\n\n            <!-- content start-->\n            <div class=\"etn-event-content\">\n                                                                                        \n                <h3 class=\"etn-title etn-event-title\"><a href=\"https:\/\/adventupuli.hr\/it\/dogadaj\/yamaha-music-school-yms-pula-za-pulu\/\">\n                    Yamaha Music School Pula: Let&#8217;s Play!<\/a>\n                <\/h3>\n                                \n                <div class=\"etn-event-footer\">\n                    <div class=\"etn-event-date\">\n                                    <span>\n\t\t\t\t<i class=\"etn-icon etn-calendar\"><\/i>\n                20. Dicembre 2025.            <\/span>\n\t\t\t                    <\/div>\n                   \n                <\/div>\n            <\/div>\n            <!-- content end-->\n        <\/div>\n        <!-- etn event item end-->\n    <\/div>\n        <div class=\"etn-col-md-6 etn-col-lg-4\">\n        <div class=\"etn-event-item\">\n            <!-- thumbnail -->\n                        <div class=\"etn-event-thumb\">\n                <a \n                    href=\"https:\/\/adventupuli.hr\/it\/dogadaj\/docek-djeda-bozicnjaka-twin-horn\/\" \n                    aria-label=\"Programma per bambini\"\n                >\n                    <img loading=\"lazy\" decoding=\"async\" width=\"800\" height=\"534\" src=\"https:\/\/adventupuli.hr\/wp-content\/uploads\/2025\/11\/Twin_HORN-750x465-1-1024x683.jpg\" class=\"attachment-large size-large wp-post-image\" alt=\"\" srcset=\"https:\/\/adventupuli.hr\/wp-content\/uploads\/2025\/11\/Twin_HORN-750x465-1-1024x683.jpg 1024w, https:\/\/adventupuli.hr\/wp-content\/uploads\/2025\/11\/Twin_HORN-750x465-1-300x200.jpg 300w, https:\/\/adventupuli.hr\/wp-content\/uploads\/2025\/11\/Twin_HORN-750x465-1-768x512.jpg 768w, https:\/\/adventupuli.hr\/wp-content\/uploads\/2025\/11\/Twin_HORN-750x465-1.jpg 1200w\" sizes=\"(max-width: 800px) 100vw, 800px\" \/>                <\/a>\n                <div class=\"etn-event-category\">\n                    <span>Programma per bambini<\/span>                 <\/div>\n                            <\/div>\n                        <!-- thumbnail start-->\n\n            <!-- content start-->\n            <div class=\"etn-event-content\">\n                                                                                        \n                <h3 class=\"etn-title etn-event-title\"><a href=\"https:\/\/adventupuli.hr\/it\/dogadaj\/docek-djeda-bozicnjaka-twin-horn\/\">\n                    Benvenuto di Babbo Natale &#8211; Twin Horn<\/a>\n                <\/h3>\n                                \n                <div class=\"etn-event-footer\">\n                    <div class=\"etn-event-date\">\n                                    <span>\n\t\t\t\t<i class=\"etn-icon etn-calendar\"><\/i>\n                20. Dicembre 2025.            <\/span>\n\t\t\t                    <\/div>\n                   \n                <\/div>\n            <\/div>\n            <!-- content end-->\n        <\/div>\n        <!-- etn event item end-->\n    <\/div>\n        <div class=\"etn-col-md-6 etn-col-lg-4\">\n        <div class=\"etn-event-item\">\n            <!-- thumbnail -->\n                        <div class=\"etn-event-thumb\">\n                <a \n                    href=\"https:\/\/adventupuli.hr\/it\/dogadaj\/udruga-birikina-pula-vrlo-gladna-gusjenica-predstava-1\/\" \n                    aria-label=\"Programma per bambini\"\n                >\n                    <img loading=\"lazy\" decoding=\"async\" width=\"800\" height=\"534\" src=\"https:\/\/adventupuli.hr\/wp-content\/uploads\/2025\/11\/vrlo-gladna-gusjenica-1024x683.jpg\" class=\"attachment-large size-large wp-post-image\" alt=\"\" srcset=\"https:\/\/adventupuli.hr\/wp-content\/uploads\/2025\/11\/vrlo-gladna-gusjenica-1024x683.jpg 1024w, https:\/\/adventupuli.hr\/wp-content\/uploads\/2025\/11\/vrlo-gladna-gusjenica-300x200.jpg 300w, https:\/\/adventupuli.hr\/wp-content\/uploads\/2025\/11\/vrlo-gladna-gusjenica-768x512.jpg 768w, https:\/\/adventupuli.hr\/wp-content\/uploads\/2025\/11\/vrlo-gladna-gusjenica.jpg 1200w\" sizes=\"(max-width: 800px) 100vw, 800px\" \/>                <\/a>\n                <div class=\"etn-event-category\">\n                    <span>Programma per bambini<\/span>                 <\/div>\n                            <\/div>\n                        <!-- thumbnail start-->\n\n            <!-- content start-->\n            <div class=\"etn-event-content\">\n                                                                                        \n                <h3 class=\"etn-title etn-event-title\"><a href=\"https:\/\/adventupuli.hr\/it\/dogadaj\/udruga-birikina-pula-vrlo-gladna-gusjenica-predstava-1\/\">\n                    Udruga Birikina Pula &#8211; Il piccolo Bruco Maisazio, spettacolo (1+)<\/a>\n                <\/h3>\n                                \n                <div class=\"etn-event-footer\">\n                    <div class=\"etn-event-date\">\n                                    <span>\n\t\t\t\t<i class=\"etn-icon etn-calendar\"><\/i>\n                20. Dicembre 2025.            <\/span>\n\t\t\t                    <\/div>\n                   \n                <\/div>\n            <\/div>\n            <!-- content end-->\n        <\/div>\n        <!-- etn event item end-->\n    <\/div>\n        <div class=\"etn-col-md-6 etn-col-lg-4\">\n        <div class=\"etn-event-item\">\n            <!-- thumbnail -->\n                        <div class=\"etn-event-thumb\">\n                <a \n                    href=\"https:\/\/adventupuli.hr\/it\/dogadaj\/studio-trik-lutkarska-radionica\/\" \n                    aria-label=\"Programma per bambini\"\n                >\n                    <img loading=\"lazy\" decoding=\"async\" width=\"800\" height=\"534\" src=\"https:\/\/adventupuli.hr\/wp-content\/uploads\/2025\/11\/Pupetta-1024x683.jpg\" class=\"attachment-large size-large wp-post-image\" alt=\"\" srcset=\"https:\/\/adventupuli.hr\/wp-content\/uploads\/2025\/11\/Pupetta-1024x683.jpg 1024w, https:\/\/adventupuli.hr\/wp-content\/uploads\/2025\/11\/Pupetta-300x200.jpg 300w, https:\/\/adventupuli.hr\/wp-content\/uploads\/2025\/11\/Pupetta-768x512.jpg 768w, https:\/\/adventupuli.hr\/wp-content\/uploads\/2025\/11\/Pupetta.jpg 1200w\" sizes=\"(max-width: 800px) 100vw, 800px\" \/>                <\/a>\n                <div class=\"etn-event-category\">\n                    <span>Programma per bambini<\/span>                 <\/div>\n                            <\/div>\n                        <!-- thumbnail start-->\n\n            <!-- content start-->\n            <div class=\"etn-event-content\">\n                                                                                        \n                <h3 class=\"etn-title etn-event-title\"><a href=\"https:\/\/adventupuli.hr\/it\/dogadaj\/studio-trik-lutkarska-radionica\/\">\n                    Studio Trik &#8211; Laboratorio di burattini<\/a>\n                <\/h3>\n                                \n                <div class=\"etn-event-footer\">\n                    <div class=\"etn-event-date\">\n                                    <span>\n\t\t\t\t<i class=\"etn-icon etn-calendar\"><\/i>\n                22. Dicembre 2025.            <\/span>\n\t\t\t                    <\/div>\n                   \n                <\/div>\n            <\/div>\n            <!-- content end-->\n        <\/div>\n        <!-- etn event item end-->\n    <\/div>\n        <div class=\"etn-col-md-6 etn-col-lg-4\">\n        <div class=\"etn-event-item\">\n            <!-- thumbnail -->\n                        <div class=\"etn-event-thumb\">\n                <a \n                    href=\"https:\/\/adventupuli.hr\/it\/dogadaj\/cirkus-nit-solis-lumina-vatreni-performans\/\" \n                    aria-label=\"Programma per bambini\"\n                >\n                    <img loading=\"lazy\" decoding=\"async\" width=\"800\" height=\"534\" src=\"https:\/\/adventupuli.hr\/wp-content\/uploads\/2025\/11\/Cirkus-nit-1024x683.jpg\" class=\"attachment-large size-large wp-post-image\" alt=\"\" srcset=\"https:\/\/adventupuli.hr\/wp-content\/uploads\/2025\/11\/Cirkus-nit-1024x683.jpg 1024w, https:\/\/adventupuli.hr\/wp-content\/uploads\/2025\/11\/Cirkus-nit-300x200.jpg 300w, https:\/\/adventupuli.hr\/wp-content\/uploads\/2025\/11\/Cirkus-nit-768x512.jpg 768w, https:\/\/adventupuli.hr\/wp-content\/uploads\/2025\/11\/Cirkus-nit.jpg 1200w\" sizes=\"(max-width: 800px) 100vw, 800px\" \/>                <\/a>\n                <div class=\"etn-event-category\">\n                    <span>Programma per bambini<\/span>                 <\/div>\n                            <\/div>\n                        <!-- thumbnail start-->\n\n            <!-- content start-->\n            <div class=\"etn-event-content\">\n                                                                                        \n                <h3 class=\"etn-title etn-event-title\"><a href=\"https:\/\/adventupuli.hr\/it\/dogadaj\/cirkus-nit-solis-lumina-vatreni-performans\/\">\n                    Cirkus NIT &#8211; SSolis Lumina, spettacolo di fuoco<\/a>\n                <\/h3>\n                                \n                <div class=\"etn-event-footer\">\n                    <div class=\"etn-event-date\">\n                                    <span>\n\t\t\t\t<i class=\"etn-icon etn-calendar\"><\/i>\n                23. Dicembre 2025.            <\/span>\n\t\t\t                    <\/div>\n                   \n                <\/div>\n            <\/div>\n            <!-- content end-->\n        <\/div>\n        <!-- etn event item end-->\n    <\/div>\n        <div class=\"etn-col-md-6 etn-col-lg-4\">\n        <div class=\"etn-event-item\">\n            <!-- thumbnail -->\n                        <div class=\"etn-event-thumb\">\n                <a \n                    href=\"https:\/\/adventupuli.hr\/it\/dogadaj\/madionicar-stefano-magija-u-mom-gradu\/\" \n                    aria-label=\"Programma per bambini\"\n                >\n                    <img loading=\"lazy\" decoding=\"async\" width=\"800\" height=\"534\" src=\"https:\/\/adventupuli.hr\/wp-content\/uploads\/2025\/11\/Madionicar-Stefano-1024x683.jpg\" class=\"attachment-large size-large wp-post-image\" alt=\"\" srcset=\"https:\/\/adventupuli.hr\/wp-content\/uploads\/2025\/11\/Madionicar-Stefano-1024x683.jpg 1024w, https:\/\/adventupuli.hr\/wp-content\/uploads\/2025\/11\/Madionicar-Stefano-300x200.jpg 300w, https:\/\/adventupuli.hr\/wp-content\/uploads\/2025\/11\/Madionicar-Stefano-768x512.jpg 768w, https:\/\/adventupuli.hr\/wp-content\/uploads\/2025\/11\/Madionicar-Stefano.jpg 1200w\" sizes=\"(max-width: 800px) 100vw, 800px\" \/>                <\/a>\n                <div class=\"etn-event-category\">\n                    <span>Programma per bambini<\/span>                 <\/div>\n                            <\/div>\n                        <!-- thumbnail start-->\n\n            <!-- content start-->\n            <div class=\"etn-event-content\">\n                                                                                        \n                <h3 class=\"etn-title etn-event-title\"><a href=\"https:\/\/adventupuli.hr\/it\/dogadaj\/madionicar-stefano-magija-u-mom-gradu\/\">\n                    Ma\u0111ioni\u010dar Stefano  &#8211; Magija u mom gradu<\/a>\n                <\/h3>\n                                \n                <div class=\"etn-event-footer\">\n                    <div class=\"etn-event-date\">\n                                    <span>\n\t\t\t\t<i class=\"etn-icon etn-calendar\"><\/i>\n                26. Dicembre 2025.            <\/span>\n\t\t\t                    <\/div>\n                   \n                <\/div>\n            <\/div>\n            <!-- content end-->\n        <\/div>\n        <!-- etn event item end-->\n    <\/div>\n        <div class=\"etn-col-md-6 etn-col-lg-4\">\n        <div class=\"etn-event-item\">\n            <!-- thumbnail -->\n                        <div class=\"etn-event-thumb\">\n                <a \n                    href=\"https:\/\/adventupuli.hr\/it\/dogadaj\/irta-kuglice-spasavaju-bozic-predstava\/\" \n                    aria-label=\"Programma per bambini\"\n                >\n                    <img loading=\"lazy\" decoding=\"async\" width=\"800\" height=\"534\" src=\"https:\/\/adventupuli.hr\/wp-content\/uploads\/2025\/11\/Kuglice-spasavaju-Bozic-1024x683.jpg\" class=\"attachment-large size-large wp-post-image\" alt=\"\" srcset=\"https:\/\/adventupuli.hr\/wp-content\/uploads\/2025\/11\/Kuglice-spasavaju-Bozic-1024x683.jpg 1024w, https:\/\/adventupuli.hr\/wp-content\/uploads\/2025\/11\/Kuglice-spasavaju-Bozic-300x200.jpg 300w, https:\/\/adventupuli.hr\/wp-content\/uploads\/2025\/11\/Kuglice-spasavaju-Bozic-768x512.jpg 768w, https:\/\/adventupuli.hr\/wp-content\/uploads\/2025\/11\/Kuglice-spasavaju-Bozic.jpg 1200w\" sizes=\"(max-width: 800px) 100vw, 800px\" \/>                <\/a>\n                <div class=\"etn-event-category\">\n                    <span>Programma per bambini<\/span>                 <\/div>\n                            <\/div>\n                        <!-- thumbnail start-->\n\n            <!-- content start-->\n            <div class=\"etn-event-content\">\n                                                                                        \n                <h3 class=\"etn-title etn-event-title\"><a href=\"https:\/\/adventupuli.hr\/it\/dogadaj\/irta-kuglice-spasavaju-bozic-predstava\/\">\n                    IRTA &#8211; Le palline di Natale salvano il Natale, spettacolo<\/a>\n                <\/h3>\n                                \n                <div class=\"etn-event-footer\">\n                    <div class=\"etn-event-date\">\n                                    <span>\n\t\t\t\t<i class=\"etn-icon etn-calendar\"><\/i>\n                27. Dicembre 2025.            <\/span>\n\t\t\t                    <\/div>\n                   \n                <\/div>\n            <\/div>\n            <!-- content end-->\n        <\/div>\n        <!-- etn event item end-->\n    <\/div>\n        <div class=\"etn-col-md-6 etn-col-lg-4\">\n        <div class=\"etn-event-item\">\n            <!-- thumbnail -->\n                        <div class=\"etn-event-thumb\">\n                <a \n                    href=\"https:\/\/adventupuli.hr\/it\/dogadaj\/zuti-kisobran-vilenjacki-istrazivacki-centar\/\" \n                    aria-label=\"Programma per bambini\"\n                >\n                    <img loading=\"lazy\" decoding=\"async\" width=\"800\" height=\"533\" src=\"https:\/\/adventupuli.hr\/wp-content\/uploads\/2025\/11\/Zuti-Kisobran-Vilenjacki-istrazivacki-centar-1024x682.jpg\" class=\"attachment-large size-large wp-post-image\" alt=\"\" srcset=\"https:\/\/adventupuli.hr\/wp-content\/uploads\/2025\/11\/Zuti-Kisobran-Vilenjacki-istrazivacki-centar-1024x682.jpg 1024w, https:\/\/adventupuli.hr\/wp-content\/uploads\/2025\/11\/Zuti-Kisobran-Vilenjacki-istrazivacki-centar-300x200.jpg 300w, https:\/\/adventupuli.hr\/wp-content\/uploads\/2025\/11\/Zuti-Kisobran-Vilenjacki-istrazivacki-centar-768x511.jpg 768w, https:\/\/adventupuli.hr\/wp-content\/uploads\/2025\/11\/Zuti-Kisobran-Vilenjacki-istrazivacki-centar.jpg 1200w\" sizes=\"(max-width: 800px) 100vw, 800px\" \/>                <\/a>\n                <div class=\"etn-event-category\">\n                    <span>Programma per bambini<\/span>                 <\/div>\n                            <\/div>\n                        <!-- thumbnail start-->\n\n            <!-- content start-->\n            <div class=\"etn-event-content\">\n                                                                                        \n                <h3 class=\"etn-title etn-event-title\"><a href=\"https:\/\/adventupuli.hr\/it\/dogadaj\/zuti-kisobran-vilenjacki-istrazivacki-centar\/\">\n                    Ombrello Giallo &#8211; Centro di Ricerca Elfica<\/a>\n                <\/h3>\n                                \n                <div class=\"etn-event-footer\">\n                    <div class=\"etn-event-date\">\n                                    <span>\n\t\t\t\t<i class=\"etn-icon etn-calendar\"><\/i>\n                29. Dicembre 2025.            <\/span>\n\t\t\t                    <\/div>\n                   \n                <\/div>\n            <\/div>\n            <!-- content end-->\n        <\/div>\n        <!-- etn event item end-->\n    <\/div>\n        <div class=\"etn-col-md-6 etn-col-lg-4\">\n        <div class=\"etn-event-item\">\n            <!-- thumbnail -->\n                        <div class=\"etn-event-thumb\">\n                <a \n                    href=\"https:\/\/adventupuli.hr\/it\/dogadaj\/udruga-birikina-pula-djed-i-baka-mraz-pripovijedaju-price\/\" \n                    aria-label=\"Programma per bambini\"\n                >\n                    <img loading=\"lazy\" decoding=\"async\" width=\"800\" height=\"534\" src=\"https:\/\/adventupuli.hr\/wp-content\/uploads\/2025\/11\/Birikina-1024x683.jpg\" class=\"attachment-large size-large wp-post-image\" alt=\"\" srcset=\"https:\/\/adventupuli.hr\/wp-content\/uploads\/2025\/11\/Birikina-1024x683.jpg 1024w, https:\/\/adventupuli.hr\/wp-content\/uploads\/2025\/11\/Birikina-300x200.jpg 300w, https:\/\/adventupuli.hr\/wp-content\/uploads\/2025\/11\/Birikina-768x512.jpg 768w, https:\/\/adventupuli.hr\/wp-content\/uploads\/2025\/11\/Birikina.jpg 1200w\" sizes=\"(max-width: 800px) 100vw, 800px\" \/>                <\/a>\n                <div class=\"etn-event-category\">\n                    <span>Programma per bambini<\/span>                 <\/div>\n                            <\/div>\n                        <!-- thumbnail start-->\n\n            <!-- content start-->\n            <div class=\"etn-event-content\">\n                                                                                        \n                <h3 class=\"etn-title etn-event-title\"><a href=\"https:\/\/adventupuli.hr\/it\/dogadaj\/udruga-birikina-pula-djed-i-baka-mraz-pripovijedaju-price\/\">\n                    Associazione Birikina Pula &#8211; Babbo Natale e la nonna raccontano storie<\/a>\n                <\/h3>\n                                \n                <div class=\"etn-event-footer\">\n                    <div class=\"etn-event-date\">\n                                    <span>\n\t\t\t\t<i class=\"etn-icon etn-calendar\"><\/i>\n                27. Dicembre 2025.            <\/span>\n\t\t\t                    <\/div>\n                   \n                <\/div>\n            <\/div>\n            <!-- content end-->\n        <\/div>\n        <!-- etn event item end-->\n    <\/div>\n        <div class=\"etn-col-md-6 etn-col-lg-4\">\n        <div class=\"etn-event-item\">\n            <!-- thumbnail -->\n                        <div class=\"etn-event-thumb\">\n                <a \n                    href=\"https:\/\/adventupuli.hr\/it\/dogadaj\/udruga-birikina-pula-cudo-kristalne-kugle-predstava\/\" \n                    aria-label=\"Programma per bambini\"\n                >\n                    <img loading=\"lazy\" decoding=\"async\" width=\"800\" height=\"534\" src=\"https:\/\/adventupuli.hr\/wp-content\/uploads\/2025\/11\/Cudo-kristalne-kugle-1-1024x683.jpg\" class=\"attachment-large size-large wp-post-image\" alt=\"\" srcset=\"https:\/\/adventupuli.hr\/wp-content\/uploads\/2025\/11\/Cudo-kristalne-kugle-1-1024x683.jpg 1024w, https:\/\/adventupuli.hr\/wp-content\/uploads\/2025\/11\/Cudo-kristalne-kugle-1-300x200.jpg 300w, https:\/\/adventupuli.hr\/wp-content\/uploads\/2025\/11\/Cudo-kristalne-kugle-1-768x512.jpg 768w, https:\/\/adventupuli.hr\/wp-content\/uploads\/2025\/11\/Cudo-kristalne-kugle-1.jpg 1200w\" sizes=\"(max-width: 800px) 100vw, 800px\" \/>                <\/a>\n                <div class=\"etn-event-category\">\n                    <span>Programma per bambini<\/span>                 <\/div>\n                            <\/div>\n                        <!-- thumbnail start-->\n\n            <!-- content start-->\n            <div class=\"etn-event-content\">\n                                                                                        \n                <h3 class=\"etn-title etn-event-title\"><a href=\"https:\/\/adventupuli.hr\/it\/dogadaj\/udruga-birikina-pula-cudo-kristalne-kugle-predstava\/\">\n                    Udruga Birikina Pula &#8211; \u010cudo kristalne kugle, predstava<\/a>\n                <\/h3>\n                                \n                <div class=\"etn-event-footer\">\n                    <div class=\"etn-event-date\">\n                                    <span>\n\t\t\t\t<i class=\"etn-icon etn-calendar\"><\/i>\n                31. Dicembre 2025.            <\/span>\n\t\t\t                    <\/div>\n                   \n                <\/div>\n            <\/div>\n            <!-- content end-->\n        <\/div>\n        <!-- etn event item end-->\n    <\/div>\n    <\/div>\t\t\t\t\t<\/div>\n\n\t\t\t\t<\/div>\n<\/div>\t\t\t\t<\/div>\n\t\t\t\t<\/div>\n\t\t\t\t\t<\/div>\n\t\t<\/div>\n\t\t\t\t\t<\/div>\n\t\t<\/section>\n\t\t\t\t<\/div>\n\t\t","protected":false},"excerpt":{"rendered":"<p>Programmi per bambini dell&#8217;avvento PROGRAMMI PER BAMBINI Programma per bambini Martiniuss Cirkus &#8211; Svjetle\u0107i hoda\u010di na \u0161tulama 12\/12\/2025 Programma per bambini Zemlja zabave &#8211; Bo\u017ei\u0107 u Bajkozemlji, predstava 12\/12\/2025 Programma per bambini \u017duti ki\u0161obran &#8211; Zvjezdani Art Kutak, kreativna radionica 13\/12\/2025 Programma per bambini UO LOFT &#8211; Ora\u0161ar i Mi\u0161onja, predstava 13\/12\/2025 Programma per bambini [&hellip;]<\/p>\n","protected":false},"author":1,"featured_media":0,"parent":0,"menu_order":0,"comment_status":"closed","ping_status":"closed","template":"elementor_header_footer","meta":{"_acf_changed":false,"footnotes":""},"class_list":["post-22353","page","type-page","status-publish","hentry"],"acf":[],"aioseo_notices":[],"_links":{"self":[{"href":"https:\/\/adventupuli.hr\/it\/wp-json\/wp\/v2\/pages\/22353","targetHints":{"allow":["GET"]}}],"collection":[{"href":"https:\/\/adventupuli.hr\/it\/wp-json\/wp\/v2\/pages"}],"about":[{"href":"https:\/\/adventupuli.hr\/it\/wp-json\/wp\/v2\/types\/page"}],"author":[{"embeddable":true,"href":"https:\/\/adventupuli.hr\/it\/wp-json\/wp\/v2\/users\/1"}],"replies":[{"embeddable":true,"href":"https:\/\/adventupuli.hr\/it\/wp-json\/wp\/v2\/comments?post=22353"}],"version-history":[{"count":4,"href":"https:\/\/adventupuli.hr\/it\/wp-json\/wp\/v2\/pages\/22353\/revisions"}],"predecessor-version":[{"id":22357,"href":"https:\/\/adventupuli.hr\/it\/wp-json\/wp\/v2\/pages\/22353\/revisions\/22357"}],"wp:attachment":[{"href":"https:\/\/adventupuli.hr\/it\/wp-json\/wp\/v2\/media?parent=22353"}],"curies":[{"name":"wp","href":"https:\/\/api.w.org\/{rel}","templated":true}]}}